{"id":6070,"date":"2023-10-31T12:54:12","date_gmt":"2023-10-31T11:54:12","guid":{"rendered":"https:\/\/ucbs.uw.edu.pl\/?page_id=6070"},"modified":"2025-01-14T13:04:53","modified_gmt":"2025-01-14T12:04:53","slug":"merged-erasmus-mundus-joint-master-in-global-environment-and-development","status":"publish","type":"page","link":"https:\/\/ucbs.uw.edu.pl\/en\/merged-erasmus-mundus-joint-master-in-global-environment-and-development\/","title":{"rendered":"MERGED- Erasmus Mundus Joint Master in Global Environment and Development"},"content":{"rendered":"<img loading=\"lazy\" decoding=\"async\" class=\"size-medium wp-image-5040 alignleft\" src=\"https:\/\/ucbs.uw.edu.pl\/wp-content\/uploads\/sites\/389\/2023\/06\/MERGEDTRANSPARENT-e1694178421120-300x116.png\" alt=\"\" width=\"300\" height=\"116\" srcset=\"https:\/\/ucbs.uw.edu.pl\/wp-content\/uploads\/sites\/389\/2023\/06\/MERGEDTRANSPARENT-e1694178421120-300x116.png 300w, https:\/\/ucbs.uw.edu.pl\/wp-content\/uploads\/sites\/389\/2023\/06\/MERGEDTRANSPARENT-e1694178421120-768x296.png 768w, https:\/\/ucbs.uw.edu.pl\/wp-content\/uploads\/sites\/389\/2023\/06\/MERGEDTRANSPARENT-e1694178421120.png 1000w\" sizes=\"auto, (max-width: 300px) 100vw, 300px\" \/><\/p>\n<h5 style=\"text-align: justify;\"><strong>Welcome to the <span style=\"color: #ff6600;\"><a style=\"color: #ff6600;\" href=\"https:\/\/merged.info\/\">MERGED<\/a><\/span>&#8211; Erasmus Mundus Joint Master in Global Environment and Development!<\/strong><\/h5>\n<h5 style=\"text-align: justify;\">OUR GOALS<\/h5>\n<p style=\"text-align: justify;\">The general aim is to create globally competitive graduates who can identify critical aspects of renewable natural resource management for economic, environmental, institutional, and societal development and develop appropriate and feasible solutions. <strong>MERGED<\/strong> graduates will become professionals in private and public companies, I\/NGOs, government bodies, and research institutions. They benefit from interdisciplinary knowledge, direct sector exposure, practical field experiences, specialised abilities to target sustainability problems, and thus high employability. MERGED is unique in educating graduates who can deal with interdisciplinary challenges at the nexus of renewable environmental resources and sustainable development.<\/p>\n<p style=\"text-align: left;\"><div class=\"su-box su-box-style-default\" id=\"\" style=\"border-color:#c57d00;border-radius:20px;max-width:none\"><div class=\"su-box-title\" style=\"background-color:#f8b012;color:#000000;border-top-left-radius:18px;border-top-right-radius:18px\">Contact<\/div><div class=\"su-box-content su-u-clearfix su-u-trim\" style=\"border-bottom-left-radius:18px;border-bottom-right-radius:18px\">\n<p>Local Coordinator of the merged project is <strong>Anna Batorczak<\/strong>, PhD.<\/p>\n<p>Office hours (consultations) for GED students are every Wednesday from 12.00 to 1.30 p.m. in room 1108 at the Faculty of Geology.<\/p>\n<p>Before the meeting, please make an appointment by e-mail: <span style=\"color: #ff6600;\"><a style=\"color: #ff6600;\" href=\"mailto:a.batorczak@uw.edu.pl\">a.batorczak@uw.edu.pl<\/a><\/span><\/p>\n<p>The person dedicated for support to the GED students, and administrative affairs is <strong>Adam Tarkowski<\/strong>, PhD, <span style=\"color: #000000;\"><span style=\"color: #ff6600;\"><a style=\"color: #ff6600;\" href=\"mailto:m.janek4@uw.edu.pl\">adam.tarkowski@uw.edu.pl<\/a><\/span><\/span><\/p>\n<p>&nbsp;<\/p>\n<p style=\"text-align: left;\"><\/div><\/div>\n<div class=\"su-button-center\"><a href=\"https:\/\/ucbs.uw.edu.pl\/wp-content\/uploads\/sites\/389\/2023\/11\/MERGED_2023__flyer-5.pdf\" class=\"su-button su-button-style-default su-button-wide\" style=\"color:#ffffff;background-color:#259d31;border-color:#1e7e28;border-radius:12px\" target=\"_blank\" rel=\"noopener noreferrer\"><span style=\"color:#ffffff;padding:0px 30px;font-size:22px;line-height:44px;border-color:#67bb6f;border-radius:12px;text-shadow:5px 5px 5px #000000\"> Check MERGED flyer<small style=\"padding-bottom:9px;color:#ffffff\">(click)<\/small><\/span><\/a><\/div>\n<p style=\"text-align: justify;\">We aim to deliver the first-ever joint degree across the partner universities and the 4EU+ European University Alliance. MERGED is offered by the <strong>University of Copenhagen<\/strong>, Faculty of Science; the <strong>University of Warsaw, Centre for Environmental Studies and Sustainable Development<\/strong>; and the <strong>Universit\u00e0 degli Studi di Milano<\/strong>, Department of Agricultural and Environmental Sciences.<\/p>\n<p style=\"text-align: justify;\">All are partners in the 4EU+ Alliance and are committed to simultaneously deepening teaching collaboration, enhancing teaching quality, and increasing collaboration. We collaborate with a strong global Associate Partner network. <strong>MERGED<\/strong> acts globally to promote a European vision of the environmental-development nexus, enhancing attractiveness through the programme\u2019s reputation, innovative teaching approaches, integrated cross-country and cross-institutional collaboration, and the career profiles of graduates.<\/p>\n<p style=\"text-align: left;\"><div class=\"su-box su-box-style-default\" id=\"\" style=\"border-color:#c57d00;border-radius:20px;max-width:none\"><div class=\"su-box-title\" style=\"background-color:#f8b012;color:#000000;border-top-left-radius:18px;border-top-right-radius:18px\">When to apply?<\/div><div class=\"su-box-content su-u-clearfix su-u-trim\" style=\"border-bottom-left-radius:18px;border-bottom-right-radius:18px\">\n<p style=\"text-align: left;\">The <span style=\"color: #ff6600;\"><strong><a style=\"color: #ff6600;\" href=\"https:\/\/dans.stads.dk\/SelfUserRegistration\/faces\/WelcomePage.jspx\">Application Portal<\/a><\/strong><\/span> opens:<\/p>\n<p style=\"text-align: left;\">Citizens from any country not mentioned below: <strong>15 November <\/strong><\/p>\n<p style=\"text-align: left;\">Citizens from EU, Iceland, Norway, Liechtenstein, or Switzerland: <strong>16 January<\/strong><\/div><\/div>\n<p><a href=\"https:\/\/ucbs.uw.edu.pl\/wp-content\/uploads\/sites\/389\/2023\/11\/Dodaj-naglowek-21-e1699365868185.jpg\"><img loading=\"lazy\" decoding=\"async\" class=\"aligncenter wp-image-6171\" src=\"https:\/\/ucbs.uw.edu.pl\/wp-content\/uploads\/sites\/389\/2023\/11\/Dodaj-naglowek-21-e1699365868185-300x92.jpg\" alt=\"\" width=\"1197\" height=\"367\" srcset=\"https:\/\/ucbs.uw.edu.pl\/wp-content\/uploads\/sites\/389\/2023\/11\/Dodaj-naglowek-21-e1699365868185-300x92.jpg 300w, https:\/\/ucbs.uw.edu.pl\/wp-content\/uploads\/sites\/389\/2023\/11\/Dodaj-naglowek-21-e1699365868185-768x234.jpg 768w\" sizes=\"auto, (max-width: 1197px) 100vw, 1197px\" \/><\/a><\/p>\n<h5 style=\"text-align: justify;\">PROGRAMME<\/h5>\n<p style=\"text-align: justify;\">MERGED is a two-year (120 ECTS) programme. The first year of study takes place in Copenhagen and the second in either Warsaw or Milan dependent on your choice of specialisation. The language of instruction is English. The choice of mobility tracks is made at the time of application.<\/p>\n<p><a href=\"https:\/\/ucbs.uw.edu.pl\/wp-content\/uploads\/sites\/389\/2023\/11\/1-scaled-1.jpg\" target=\"_blank\" rel=\"noopener\"><img loading=\"lazy\" decoding=\"async\" class=\"aligncenter\" src=\"https:\/\/ucbs.uw.edu.pl\/wp-content\/uploads\/sites\/389\/2023\/11\/1-scaled-1.jpg\" alt=\"\" width=\"480\" height=\"270\" \/><\/a><\/p>\n<p data-kubio=\"kubio\/text\"><div class=\"su-spoiler su-spoiler-style-fancy su-spoiler-icon-folder-1 su-spoiler-closed\" data-scroll-offset=\"0\" data-anchor-in-url=\"no\"><div class=\"su-spoiler-title\" tabindex=\"0\" role=\"button\"><span class=\"su-spoiler-icon\"><\/span><strong>First Year- structure and content in Copenhagen<\/strong><\/div><div class=\"su-spoiler-content su-u-clearfix su-u-trim\">\n<p class=\"wp-block wp-block-kubio-text position-relative wp-block-kubio-text__text style-keNZu9rL3F-text style-local-65-text\" data-kubio=\"kubio\/text\">This year provides knowledge and experience of interdisciplinarity, a thorough and broad introduction to environment-development issues, and preparing you for your second-year specialisation while also developing your generic skills and academic potential. More specifically, the first year:<\/p>\n<ul>\n<li>provides you with an understanding of the principles and processes that underpin environment-development challenges and solutions, with particular importance assigned to interdisciplinarity<\/li>\n<li>provides you with methods to collect primary data in the field, then takes you to the field (at various global destinations) to practice these methods<\/li>\n<li>prepares you for your second-year specialisation<\/li>\n<li>develops your intellectual, practical, numeracy, communication, information and communication technology, interpersonal\/teamwork, self-management, and professional development skills<\/li>\n<li>inculcates the values of scholarship: inquiry, reflection, integrity, open-mindedness, evidence-based thinking, and collegiality<\/li>\n<\/ul>\n<p><strong>First-year programme overview<\/strong><\/p>\n<p class=\"wp-block wp-block-kubio-text position-relative wp-block-kubio-text__text style-UYyNX6PhCZ-text style-local-66-text\" data-kubio=\"kubio\/text\">In Copenhagen, there are four blocks (each is nine weeks) of teaching each year. Each block is 15 ECTS, with 1 ECTS equivalent to around 28 work hours. The elective courses are entirely free \u2013 you can choose what you want. The restricted elective courses must be selected from the specific list of courses (see below) for your line of specialisation.<\/p>\n<p class=\"wp-block wp-block-kubio-text position-relative wp-block-kubio-text__text style-zhWQ684hKp-text style-local-67-text\" data-kubio=\"kubio\/text\">Compulsory courses:\u00a0<strong>30<\/strong>\u00a0ECTS<br \/>\nRestricted elective courses:\u00a0<strong>15<\/strong>\u00a0ECTS<br \/>\nElective courses:\u00a0<strong>15<\/strong>\u00a0ECTS<\/p>\n<table class=\"aligncenter\" style=\"height: 190px; width: 100%; border-style: solid; border-color: #000000;\" border=\"1\">\n<tbody>\n<tr style=\"height: 24px;\">\n<td class=\"has-text-align-center\" style=\"height: 24px; width: 2.61059%;\" data-align=\"center\">Year<\/td>\n<td class=\"has-text-align-center\" style=\"height: 24px; width: 24.9456%;\" data-align=\"center\">Block 1<\/td>\n<td class=\"has-text-align-center\" style=\"height: 24px; width: 33.8651%;\" data-align=\"center\">Block 2<\/td>\n<td class=\"has-text-align-center\" style=\"height: 24px; width: 30.0218%;\" data-align=\"center\">Block 3<\/td>\n<td class=\"has-text-align-center\" style=\"height: 24px; width: 7.5417%;\" data-align=\"center\">Block 4<\/td>\n<\/tr>\n<tr style=\"height: 72px;\">\n<td class=\"has-text-align-center\" style=\"height: 72px; width: 2.61059%;\" data-align=\"center\">1<\/td>\n<td class=\"has-text-align-center\" style=\"height: 72px; width: 24.9456%;\" data-align=\"center\"><a href=\"https:\/\/kurser.ku.dk\/course\/nifk23004u\/2023-2024\">Global Challenges in Environment and Development<\/a><\/td>\n<td class=\"has-text-align-center\" style=\"height: 72px; width: 33.8651%;\" data-align=\"center\"><a href=\"https:\/\/kurser.ku.dk\/course\/nigk23000u\/2023-2024\">Quantitative and Qualitative Methods in Environment and Development<\/a><\/td>\n<td class=\"has-text-align-center\" style=\"height: 72px; width: 30.0218%;\" data-align=\"center\"><a href=\"https:\/\/kurser.ku.dk\/course\/nifk23006u\/2023-2024\">Practicing Interdisciplinary Field Research on the Environment<\/a><\/td>\n<td class=\"has-text-align-center\" style=\"height: 72px; width: 7.5417%;\" data-align=\"center\">Elective course<\/td>\n<\/tr>\n<tr style=\"height: 72px;\">\n<td class=\"has-text-align-center\" style=\"height: 72px; width: 2.61059%;\" data-align=\"center\">1<\/td>\n<td class=\"has-text-align-center\" style=\"height: 72px; width: 24.9456%;\" data-align=\"center\">Restricted elective course<\/td>\n<td class=\"has-text-align-center\" style=\"height: 72px; width: 33.8651%;\" data-align=\"center\">Restricted elective course<\/td>\n<td class=\"has-text-align-center\" style=\"height: 72px; width: 30.0218%;\" data-align=\"center\"><a href=\"https:\/\/kurser.ku.dk\/course\/nifk23006u\/2023-2024\">Practicing Interdisciplinary Field Research on the Environment<\/a><\/td>\n<td class=\"has-text-align-center\" style=\"height: 72px; width: 7.5417%;\" data-align=\"center\">Elective course<\/td>\n<\/tr>\n<\/tbody>\n<\/table>\n<p data-kubio=\"kubio\/text\"><strong>Specialisation: Agricultural Development (second year at University of Milan)<\/strong><\/p>\n<p class=\"wp-block wp-block-kubio-text position-relative wp-block-kubio-text__text style-5KbMIOlhHx-text style-local-70-text\" data-kubio=\"kubio\/text\">The restricted elective courses (a total of 15 ECTS) must be chosen from the list below. Click on each course for a detailed description:<\/p>\n<figure class=\"wp-block-table\">\n<table>\n<tbody>\n<tr>\n<td><strong>Course Title<\/strong><\/td>\n<td class=\"has-text-align-center\" data-align=\"center\"><strong>Block<\/strong><\/td>\n<td class=\"has-text-align-center\" data-align=\"center\"><strong>ECTS<\/strong><\/td>\n<\/tr>\n<tr>\n<td><a href=\"https:\/\/kurser.ku.dk\/course\/lplk10367u\/2023-2024\">Tropical Crop Production\u00a0<\/a><\/td>\n<td class=\"has-text-align-center\" data-align=\"center\">1<\/td>\n<td class=\"has-text-align-center\" data-align=\"center\">7.5 ECTS<\/td>\n<\/tr>\n<tr>\n<td><a href=\"https:\/\/kurser.ku.dk\/course\/nplk16001u\/2023-2024\">Advanced Crop Production<\/a><\/td>\n<td class=\"has-text-align-center\" data-align=\"center\">1<\/td>\n<td class=\"has-text-align-center\" data-align=\"center\">7.5 ECTS<\/td>\n<\/tr>\n<tr>\n<td><a href=\"https:\/\/kurser.ku.dk\/course\/nplk19002u\/2023-2024\">Experimental Soil Analysis<\/a><\/td>\n<td class=\"has-text-align-center\" data-align=\"center\">1<\/td>\n<td class=\"has-text-align-center\" data-align=\"center\">7.5 ECTS<\/td>\n<\/tr>\n<tr>\n<td><a href=\"https:\/\/kurser.ku.dk\/course\/nplk14004u\/2023-2024\">Life Cycle Assessment within Biological Production Systems<\/a><\/td>\n<td class=\"has-text-align-center\" data-align=\"center\">1<\/td>\n<td class=\"has-text-align-center\" data-align=\"center\">7.5 ECTS<\/td>\n<\/tr>\n<tr>\n<td><a href=\"https:\/\/kurser.ku.dk\/course\/lplk10287u\/2023-2024\">Agroforestry<\/a><\/td>\n<td class=\"has-text-align-center\" data-align=\"center\">2<\/td>\n<td class=\"has-text-align-center\" data-align=\"center\">7.5 ECTS<\/td>\n<\/tr>\n<tr>\n<td><a href=\"https:\/\/kurser.ku.dk\/course\/nplk18001u\/2023-2024\">Applied Insect Ecology and Biological Control<\/a><\/td>\n<td class=\"has-text-align-center\" data-align=\"center\">2<\/td>\n<td class=\"has-text-align-center\" data-align=\"center\">7.5 ECTS<\/td>\n<\/tr>\n<tr>\n<td><a href=\"https:\/\/kurser.ku.dk\/course\/nplk14023u\/2023-2024\">Applied Agrohydrology<\/a><\/td>\n<td class=\"has-text-align-center\" data-align=\"center\">2<\/td>\n<td class=\"has-text-align-center\" data-align=\"center\">7.5 ECTS<\/td>\n<\/tr>\n<tr>\n<td><a href=\"https:\/\/kurser.ku.dk\/course\/lnak10072u\/2023-2024\">Global Environmental Governance<\/a><\/td>\n<td class=\"has-text-align-center\" data-align=\"center\">3<sup>1<\/sup><\/td>\n<td class=\"has-text-align-center\" data-align=\"center\">7.5 ECTS<\/td>\n<\/tr>\n<tr>\n<td><a href=\"https:\/\/kurser.ku.dk\/course\/nplk20000u\/2023-2024\">Plant Ecophysiology in a Changing Climate<\/a><\/td>\n<td class=\"has-text-align-center\" data-align=\"center\">3<sup>1<\/sup><\/td>\n<td class=\"has-text-align-center\" data-align=\"center\">7.5 ECTS<\/td>\n<\/tr>\n<tr>\n<td><a href=\"https:\/\/kurser.ku.dk\/course\/nigk17000u\/2023-2024\">Land Use and Environmental Modelling<\/a><\/td>\n<td class=\"has-text-align-center\" data-align=\"center\">3<sup>1<\/sup><\/td>\n<td class=\"has-text-align-center\" data-align=\"center\">7.5 ECTS<\/td>\n<\/tr>\n<tr>\n<td><a href=\"https:\/\/kurser.ku.dk\/course\/nigk13003u\/2023-2024\">Tropical Forest Restoration<\/a><\/td>\n<td class=\"has-text-align-center\" data-align=\"center\">4<\/td>\n<td class=\"has-text-align-center\" data-align=\"center\">7.5 ECTS<\/td>\n<\/tr>\n<tr>\n<td><a href=\"https:\/\/kurser.ku.dk\/course\/lnak10010u\/2023-2024\">Environmental Impact Assessment<\/a><\/td>\n<td class=\"has-text-align-center\" data-align=\"center\">4<\/td>\n<td class=\"has-text-align-center\" data-align=\"center\">7.5 ECTS<\/td>\n<\/tr>\n<tr>\n<td><a href=\"https:\/\/kurser.ku.dk\/course\/nifk14026u\/2023-2024\">Entrepreneurship and Innovation<\/a><\/td>\n<td class=\"has-text-align-center\" data-align=\"center\">1+4<\/td>\n<td class=\"has-text-align-center\" data-align=\"center\">7.5 ECTS<\/td>\n<\/tr>\n<tr>\n<td><a href=\"https:\/\/kurser.ku.dk\/course\/lojk10292u\/2023-2024\">Agricultural Value Chains in Developing Countries<\/a><\/td>\n<td class=\"has-text-align-center\" data-align=\"center\">4<\/td>\n<td class=\"has-text-align-center\" data-align=\"center\">7.5 ECTS<\/td>\n<\/tr>\n<\/tbody>\n<\/table><figcaption class=\"wp-element-caption\"><sup>1<\/sup>\u00a0Note that students will not usually take elective courses in block 3 as this block is fully occupied by the 15 ECTS \u201cPracticing Interdisciplinary Field Research on the Environment\u201d course<\/figcaption><\/figure>\n<p data-kubio=\"kubio\/text\"><strong>Specialisation: Susatinable Environmental Development (second year at University of Warsaw)<\/strong><\/p>\n<p class=\"wp-block wp-block-kubio-text position-relative wp-block-kubio-text__text style-8o3agzxB3S-text style-local-72-text\" data-kubio=\"kubio\/text\">The restricted elective courses (a total of 15 ECTS) must be chosen from the below list. Click on each course for a detailed description:<\/p>\n<figure class=\"wp-block-table\">\n<table>\n<tbody>\n<tr>\n<td><strong>Course Title<\/strong><\/td>\n<td class=\"has-text-align-center\" data-align=\"center\"><strong>Block<\/strong><\/td>\n<td class=\"has-text-align-center\" data-align=\"center\"><strong>ECTS<\/strong><\/td>\n<\/tr>\n<tr>\n<td><a href=\"https:\/\/kurser.ku.dk\/course\/lnak10037u\/2023-2024\">Applied Ethnobotany<\/a><\/td>\n<td class=\"has-text-align-center\" data-align=\"center\">1<\/td>\n<td class=\"has-text-align-center\" data-align=\"center\">7.5 ECTS<\/td>\n<\/tr>\n<tr>\n<td><a href=\"https:\/\/kurser.ku.dk\/course\/nifk15004u\/2023-2024\">Political Ecology<\/a><\/td>\n<td class=\"has-text-align-center\" data-align=\"center\">1<\/td>\n<td class=\"has-text-align-center\" data-align=\"center\">7.5 ECTS<\/td>\n<\/tr>\n<tr>\n<td><a href=\"https:\/\/kurser.ku.dk\/course\/nigk14009u\/2023-2024\">Land Use Transitions in the Global South<\/a><\/td>\n<td class=\"has-text-align-center\" data-align=\"center\">1<\/td>\n<td class=\"has-text-align-center\" data-align=\"center\">7.5 ECTS<\/td>\n<\/tr>\n<tr>\n<td><a href=\"https:\/\/kurser.ku.dk\/course\/lojk10272u\/2023-2024\">Applied Econometrics<\/a><\/td>\n<td class=\"has-text-align-center\" data-align=\"center\">1<\/td>\n<td class=\"has-text-align-center\" data-align=\"center\">7.5 ECTS<\/td>\n<\/tr>\n<tr>\n<td><a href=\"https:\/\/kurser.ku.dk\/course\/nifk22002u\/2023-2024\">Global Forests and People<\/a><\/td>\n<td class=\"has-text-align-center\" data-align=\"center\">1<\/td>\n<td class=\"has-text-align-center\" data-align=\"center\">7.5 ECTS<\/td>\n<\/tr>\n<tr>\n<td><a href=\"https:\/\/kurser.ku.dk\/course\/nifk23005u\/2023-2024\">People, Poverty and Environmental Change<\/a><\/td>\n<td class=\"has-text-align-center\" data-align=\"center\">2<\/td>\n<td class=\"has-text-align-center\" data-align=\"center\">7.5 ECTS<\/td>\n<\/tr>\n<tr>\n<td><a href=\"https:\/\/kurser.ku.dk\/course\/nifk16006u\/2023-2024\">Participatory Natural Resource Governance<\/a><\/td>\n<td class=\"has-text-align-center\" data-align=\"center\">2<\/td>\n<td class=\"has-text-align-center\" data-align=\"center\">7.5 ECTS<\/td>\n<\/tr>\n<tr>\n<td><a href=\"https:\/\/kurser.ku.dk\/course\/ngek10024u\/2023-2024\">Globalisation and Dynamics in Global Value Chains<\/a><\/td>\n<td class=\"has-text-align-center\" data-align=\"center\">2<\/td>\n<td class=\"has-text-align-center\" data-align=\"center\">7.5 ECTS<\/td>\n<\/tr>\n<tr>\n<td><a href=\"https:\/\/kurser.ku.dk\/course\/nifk17004u\/2023-2024\">Environmental Justice<\/a><\/td>\n<td class=\"has-text-align-center\" data-align=\"center\">2<\/td>\n<td class=\"has-text-align-center\" data-align=\"center\">7.5 ECTS<\/td>\n<\/tr>\n<tr>\n<td><a href=\"https:\/\/kurser.ku.dk\/course\/lnak10072u\/2023-2024\">Global Environmental Governance<\/a><\/td>\n<td class=\"has-text-align-center\" data-align=\"center\">2<\/td>\n<td class=\"has-text-align-center\" data-align=\"center\">7.5 ECTS<\/td>\n<\/tr>\n<tr>\n<td><a href=\"https:\/\/kurser.ku.dk\/course\/nigk13012u\/2023-2024\">Human Adaptation to Climate Change and Variability<\/a><\/td>\n<td class=\"has-text-align-center\" data-align=\"center\">3<sup>1<\/sup><\/td>\n<td class=\"has-text-align-center\" data-align=\"center\">7.5 ECTS<\/td>\n<\/tr>\n<tr>\n<td><a href=\"https:\/\/kurser.ku.dk\/course\/nigk20001u\/2023-2024\">Rural-Urban Transformations in the Global South<\/a><\/td>\n<td class=\"has-text-align-center\" data-align=\"center\">4<\/td>\n<td class=\"has-text-align-center\" data-align=\"center\">7.5 ECTS<\/td>\n<\/tr>\n<tr>\n<td><a href=\"https:\/\/kurser.ku.dk\/course\/nifk19005u\/2023-2024\">Critical Development Studies<\/a><\/td>\n<td class=\"has-text-align-center\" data-align=\"center\">4<\/td>\n<td class=\"has-text-align-center\" data-align=\"center\">7.5 ECTS<\/td>\n<\/tr>\n<tr>\n<td><a href=\"https:\/\/kurser.ku.dk\/course\/lojk10292u\/2023-2024\">Agricultural Value Chains in Developing Countries<\/a><\/td>\n<td class=\"has-text-align-center\" data-align=\"center\">4<\/td>\n<td class=\"has-text-align-center\" data-align=\"center\">7.5 ECTS<\/td>\n<\/tr>\n<tr>\n<td><a href=\"https:\/\/kurser.ku.dk\/course\/nifk21000u\/2023-2024\">Gender, Environment and Sustainable Development<\/a><\/td>\n<td class=\"has-text-align-center\" data-align=\"center\">4<\/td>\n<td class=\"has-text-align-center\" data-align=\"center\">7.5 ECTS<\/td>\n<\/tr>\n<\/tbody>\n<\/table><figcaption class=\"wp-element-caption\"><sup>1<\/sup> Note that students will not usually take elective courses in block 3 as this block is fully occupied by the 15 ECTS \u201cPracticing Interdisciplinary Field Research on the Environment\u201d course<\/figcaption><\/figure>\n<p data-kubio=\"kubio\/text\"><\/div><\/div>\n<p data-kubio=\"kubio\/text\"><div class=\"su-spoiler su-spoiler-style-fancy su-spoiler-icon-folder-1 su-spoiler-closed\" data-scroll-offset=\"0\" data-anchor-in-url=\"no\"><div class=\"su-spoiler-title\" tabindex=\"0\" role=\"button\"><span class=\"su-spoiler-icon\"><\/span><strong>Second Year- structure and content in Milan<\/strong><\/div><div class=\"su-spoiler-content su-u-clearfix su-u-trim\">\n<p>The second year specialistion in Milan is on Agricultural Development. The compulsory modules continue the agricultural development specialisation commenced in the first year (with emphasis on plants), focusing on livestock, water management, and mechanization. The main aims are to:<\/p>\n<ul>\n<li>develop students\u2019 understanding of the principles and processes that underpin sustainable agricultural development<\/li>\n<li>develop students\u2019 abilities in the use of information technology, teamwork, communication skills and time management in an agriculture and development context<\/li>\n<li>provide students with knowledge and skills needed by commercial companies, NGOs, and governments responding to current challenges to agricultural systems<\/li>\n<li>equip students for a career in sustainable agricultural development and allied professions requiring an ability to synthesise concepts and ideas and to take a holistic view<\/li>\n<\/ul>\n<p class=\"wp-block wp-block-kubio-text position-relative wp-block-kubio-text__text style-NN-IsQ7rdHz-text style-local-74-text\" data-kubio=\"kubio\/text\"><strong>Second-year modules on the Milano natural science mobility track, compulsory modules are shaded\u00a0<\/strong><\/p>\n<figure class=\"wp-block wp-block-kubio-image position-relative wp-block-kubio-image__outer style-1eTCjWmAz-outer style-local-75-outer size-full align-items-center\" data-kubio=\"kubio\/image\">\n<div class=\"position-relative wp-block-kubio-image__captionContainer style-1eTCjWmAz-captionContainer style-local-75-captionContainer\">\n<div class=\"position-relative wp-block-kubio-image__captionContainer style-1eTCjWmAz-captionContainer style-local-75-captionContainer\">\n<div class=\"position-relative wp-block-kubio-image__frameContainer style-1eTCjWmAz-frameContainer style-local-75-frameContainer\"><\/div>\n<\/div>\n<\/div><figcaption class=\"position-relative wp-block-kubio-image__caption style-1eTCjWmAz-caption style-local-75-caption\"><a href=\"https:\/\/ucbs.uw.edu.pl\/wp-content\/uploads\/sites\/389\/2024\/01\/tabela-6.png\"><img loading=\"lazy\" decoding=\"async\" class=\"aligncenter wp-image-6527\" src=\"https:\/\/ucbs.uw.edu.pl\/wp-content\/uploads\/sites\/389\/2024\/01\/tabela-6-300x60.png\" alt=\"\" width=\"1155\" height=\"231\" srcset=\"https:\/\/ucbs.uw.edu.pl\/wp-content\/uploads\/sites\/389\/2024\/01\/tabela-6-300x60.png 300w, https:\/\/ucbs.uw.edu.pl\/wp-content\/uploads\/sites\/389\/2024\/01\/tabela-6-1080x215.png 1080w\" sizes=\"auto, (max-width: 1155px) 100vw, 1155px\" \/><\/a><\/figcaption><\/figure>\n<p class=\"wp-block wp-block-kubio-text position-relative wp-block-kubio-text__text style-tptMNAs9iMP-text style-local-76-text\" data-kubio=\"kubio\/text\"><sup>1<\/sup>\u00a0<em><sup>Each student chooses at least 11 ECTS among the 11 modules: 1. Experimental methodologies in agriculture (6 ECTS); 2. Biomass and waste recycling (7); 3. Environmental impact of agro-food production systems (4); 4. Agro-environmental analysis and modelling (6); 5. Energy for agriculture (6); 6. Plant disease and pest management (6); 7. Cropping systems (8); 8. Natural resources economics (6); 9. International cooperation and crop-livestock systems (6); 10. Characterisation and management of animal and plant genetic resources (6); or 11. Adaptation of livestock systems to climate change (6)<\/sup><\/em><\/p>\n<p data-kubio=\"kubio\/text\"><\/div><\/div>\n<p data-kubio=\"kubio\/text\"><div class=\"su-spoiler su-spoiler-style-fancy su-spoiler-icon-folder-1 su-spoiler-closed\" data-scroll-offset=\"0\" data-anchor-in-url=\"no\"><div class=\"su-spoiler-title\" tabindex=\"0\" role=\"button\"><span class=\"su-spoiler-icon\"><\/span><strong>Second Year- structure and content in Warsaw<\/strong><\/div><div class=\"su-spoiler-content su-u-clearfix su-u-trim\">\n<p>The second-year specialisation in Warsaw is on Sustainable Environmental Development. The compulsory modules focus on studying environment and development issues in relation to contemporary social challenges. The main aims are to:<\/p>\n<ul>\n<li>develop students\u2019 understanding of the principles and processes that underpin sustainable development and enable them to apply these principles to environmental development<\/li>\n<li>develop students\u2019 abilities in the use of information technology, communication skills, and time management in an environment and development context<\/li>\n<li>develop students\u2019 abilities to use methods, assess data, and design feasible environment-development interventions<\/li>\n<li>equip students for a career in sustainable development and allied professions requiring an ability to synthesise concepts and ideas and to take a holistic view<\/li>\n<\/ul>\n<p class=\"wp-block wp-block-kubio-text position-relative wp-block-kubio-text__text style-nARgxpZm1Z-text style-local-78-text\" data-kubio=\"kubio\/text\"><strong>Second-year modules on the Warsaw social science mobility track, compulsory modules are shaded\u00a0<\/strong><\/p>\n<p data-kubio=\"kubio\/text\"><a href=\"https:\/\/ucbs.uw.edu.pl\/wp-content\/uploads\/sites\/389\/2024\/01\/tabela-7.png\"><img loading=\"lazy\" decoding=\"async\" class=\"aligncenter wp-image-6528\" src=\"https:\/\/ucbs.uw.edu.pl\/wp-content\/uploads\/sites\/389\/2024\/01\/tabela-7-300x66.png\" alt=\"\" width=\"1169\" height=\"257\" srcset=\"https:\/\/ucbs.uw.edu.pl\/wp-content\/uploads\/sites\/389\/2024\/01\/tabela-7-300x66.png 300w, https:\/\/ucbs.uw.edu.pl\/wp-content\/uploads\/sites\/389\/2024\/01\/tabela-7-1024x226.png 1024w, https:\/\/ucbs.uw.edu.pl\/wp-content\/uploads\/sites\/389\/2024\/01\/tabela-7-768x169.png 768w, https:\/\/ucbs.uw.edu.pl\/wp-content\/uploads\/sites\/389\/2024\/01\/tabela-7.png 1092w\" sizes=\"auto, (max-width: 1169px) 100vw, 1169px\" \/><\/a><\/p>\n<p data-kubio=\"kubio\/text\"><em><sup>1<\/sup>\u00a0Each student chooses at least 11 ECTS from the nine modules: 1. Innovations and Knowledge Transfer (4 ECTS), 2. Global Justice and Human Rights (6), 3. Challenges of the Social Dimension of Sustainability (3), 4. Research Study (8), 5. International Environmental Law (8), 6. Entrepreneurship, Leadership &amp; CSR (3), 7. Reclamation, Remediation and Renaturalisation of the Environment (2), 8. The World at the Crossroads (2), 9. Communication, Education and Cooperation (3), or 10. Climate Change (3).<\/em><\/p>\n<p data-kubio=\"kubio\/text\"><\/div><\/div>\n<p class=\"wp-block wp-block-kubio-text position-relative wp-block-kubio-text__text style-ui2DrVLNNae-text style-local-81-text\" data-kubio=\"kubio\/text\"><strong>Thesis<\/strong><\/p>\n<p class=\"wp-block wp-block-kubio-text position-relative wp-block-kubio-text__text style-WuaeroP7BOq-text style-local-82-text\" data-kubio=\"kubio\/text\">The MERGED Programme includes a thesis corresponding to 30 ECTS, including an intra-semester workshop (3 ECTS). The thesis must be written within the academic scope of the programme. The thesis must be based on empirical field work. The fieldwork can be combined with an internship at international organisations, NGOs, universities, or similar. The thesis is submitted and examined.<\/p>\n<h5 style=\"text-align: justify;\" data-kubio=\"kubio\/text\">GRADUATE PROFILE<\/h5>\n<p style=\"text-align: justify;\" data-kubio=\"kubio\/text\"><strong>MERGED<\/strong> will educate high-quality graduates to become professionals in private companies working with sustainable production and trade of renewable natural resources, such as the food and agro-industry; public companies and I\/NGOs involved in developing, implementing, managing, and monitoring renewable natural resource-oriented programs and projects, including certification and value chains; government bodies involved in monitoring and\/or policy- related activities; and universities and research institutions where graduates are involved in research, including PhD programmes. Through interdisciplinary and disciplinary, multicultural real-life experiences and laboratory experiments, students will learn to identify, analyse, understand, and forecast complex systems.<\/p>\n<p style=\"text-align: justify;\" data-kubio=\"kubio\/text\"><strong>MERGED<\/strong> was developed with all partners\u2019 full participation and is fully integrated into the participating institutions while operating jointly, from application assessment through selection to evaluation and graduation.<\/p>\n<p class=\"has-text-align-left\" style=\"text-align: justify;\"><strong>The MERGED Consortium is made of the following 4EU+ Partner Universities:<\/strong><\/p>\n<p class=\"has-text-align-left\" style=\"text-align: justify;\">\u2013 The University of Copenhagen (UCPH), Faculty of Science, Department of Food and Resource Economics, Denmark<\/p>\n<p class=\"has-text-align-left\" style=\"text-align: justify;\">\u2013 The University of Milan (UMIL), Department of Agricultural and Environmental Sciences \u2013 Production, Landscape, Agroenergy, Italy<\/p>\n<p class=\"has-text-align-left\" style=\"text-align: justify;\">\u2013 The University of Warsaw (UW), University Centre for Environmental Studies and Sustainable Development, Poland<\/p>\n<p class=\"wp-block wp-block-kubio-text position-relative wp-block-kubio-text__text style--nXQgI95eWi-text style-local-43-text\" style=\"text-align: justify;\" data-kubio=\"kubio\/text\">A\u00a0<strong>4 Semesters<\/strong>\u00a0 second cycle programme international programme, with\u00a0<strong>120 ECTS<\/strong>\u00a0credit units.<\/p>\n<h5 style=\"text-align: justify;\">LEARN MORE<\/h5>\n<p style=\"text-align: justify;\">To learn more about programme, admission requirements or application procedure visit: <span style=\"color: #ff6600;\"><a style=\"color: #ff6600;\" href=\"http:\/\/merged.info\">merged.info<\/a><\/span><\/p>\n<p style=\"text-align: justify;\">Or contact: <span style=\"color: #ff6600;\"><a style=\"color: #ff6600;\" href=\"mailto:merged@ifro.ku.dk\">merged@ifro.ku.dk<\/a><\/span><\/p>\n<h3><strong>Check our social media!<\/strong><\/h3>\n<p><a href=\"https:\/\/www.facebook.com\/profile.php?id=61553718953300\" target=\"_blank\" rel=\"noopener\"><img loading=\"lazy\" decoding=\"async\" class=\"alignnone wp-image-6216\" src=\"https:\/\/ucbs.uw.edu.pl\/wp-content\/uploads\/sites\/389\/2023\/11\/124010.png\" alt=\"\" width=\"66\" height=\"66\" srcset=\"https:\/\/ucbs.uw.edu.pl\/wp-content\/uploads\/sites\/389\/2023\/11\/124010.png 256w, https:\/\/ucbs.uw.edu.pl\/wp-content\/uploads\/sites\/389\/2023\/11\/124010-150x150.png 150w\" sizes=\"auto, (max-width: 66px) 100vw, 66px\" \/><\/a>\u00a0 <a href=\"https:\/\/www.instagram.com\/merged.info\/\"><img loading=\"lazy\" decoding=\"async\" class=\"alignnone wp-image-6217\" src=\"https:\/\/ucbs.uw.edu.pl\/wp-content\/uploads\/sites\/389\/2023\/11\/Instagram_icon.png-300x300.webp\" alt=\"\" width=\"64\" height=\"64\" srcset=\"https:\/\/ucbs.uw.edu.pl\/wp-content\/uploads\/sites\/389\/2023\/11\/Instagram_icon.png-300x300.webp 300w, https:\/\/ucbs.uw.edu.pl\/wp-content\/uploads\/sites\/389\/2023\/11\/Instagram_icon.png-150x150.webp 150w, https:\/\/ucbs.uw.edu.pl\/wp-content\/uploads\/sites\/389\/2023\/11\/Instagram_icon.png.webp 600w\" sizes=\"auto, (max-width: 64px) 100vw, 64px\" \/><\/a> \u00a0\u00a0 <a href=\"https:\/\/www.linkedin.com\/company\/merged-info\/\"><img loading=\"lazy\" decoding=\"async\" class=\"alignnone wp-image-6218\" src=\"https:\/\/ucbs.uw.edu.pl\/wp-content\/uploads\/sites\/389\/2023\/11\/174857.png\" alt=\"\" width=\"67\" height=\"67\" srcset=\"https:\/\/ucbs.uw.edu.pl\/wp-content\/uploads\/sites\/389\/2023\/11\/174857.png 256w, https:\/\/ucbs.uw.edu.pl\/wp-content\/uploads\/sites\/389\/2023\/11\/174857-150x150.png 150w\" sizes=\"auto, (max-width: 67px) 100vw, 67px\" \/><\/a><\/p>\n<div class=\"su-youtube su-u-responsive-media-yes\"><iframe loading=\"lazy\" width=\"600\" height=\"400\" src=\"https:\/\/www.youtube.com\/embed\/tTXs96zF7Tg?\" frameborder=\"0\" allowfullscreen allow=\"autoplay; encrypted-media; picture-in-picture\" title=\"\"><\/iframe><\/div>\n<p>&nbsp;<\/p>\n<p>&nbsp;<\/p>\n<div title=\"Video 1 - Why study MERGED.mp4\">\n<div style=\"width: 100%; height: 0; position: relative; padding-bottom: 56.25%;\">\n<p><iframe style=\"width: 100%; height: 100%; position: absolute; top: 0; left: 0;\" title=\"Video 1 - Why study MERGED.mp4\" src=\"https:\/\/video.ku.dk\/v.ihtml\/player.html?token=d377c73a8d4d8484b56cdbd8ea76cf0e&amp;source=embed&amp;photo%5fid=90645881\" allowfullscreen=\"allowfullscreen\" data-mce-fragment=\"1\">Your web browser does not support iframes, which means that the video Video 1 &#8211; Why study MERGED.mp4 cannot play.&nbsp;<\/p>\n<p>&nbsp;<\/p>\n<p><\/iframe><\/p>\n<\/div>\n<\/div>\n<hr \/>\n<p>&nbsp;<\/p>\n<p><img loading=\"lazy\" decoding=\"async\" class=\"wp-image-6179 aligncenter\" src=\"https:\/\/ucbs.uw.edu.pl\/wp-content\/uploads\/sites\/389\/2023\/11\/baner-merg-e1699431510102-300x41.jpg\" alt=\"\" width=\"871\" height=\"119\" srcset=\"https:\/\/ucbs.uw.edu.pl\/wp-content\/uploads\/sites\/389\/2023\/11\/baner-merg-e1699431510102-300x41.jpg 300w, https:\/\/ucbs.uw.edu.pl\/wp-content\/uploads\/sites\/389\/2023\/11\/baner-merg-e1699431510102-768x104.jpg 768w, https:\/\/ucbs.uw.edu.pl\/wp-content\/uploads\/sites\/389\/2023\/11\/baner-merg-e1699431510102.jpg 1000w\" sizes=\"auto, (max-width: 871px) 100vw, 871px\" \/>","protected":false},"excerpt":{"rendered":"<p>Welcome to the MERGED&#8211; Erasmus Mundus Joint Master in Global Environment and Development! OUR GOALS The general aim is to create globally competitive graduates who can identify critical aspects of renewable natural resource management for economic, environmental, institutional, and societal development and develop appropriate and feasible solutions. MERGED graduates will become professionals in private and [&hellip;]<\/p>\n","protected":false},"author":3,"featured_media":0,"parent":0,"menu_order":0,"comment_status":"closed","ping_status":"closed","template":"","meta":{"_acf_changed":false,"_exactmetrics_skip_tracking":false,"_exactmetrics_sitenote_active":false,"_exactmetrics_sitenote_note":"","_exactmetrics_sitenote_category":0,"_uf_show_specific_survey":0,"_uf_disable_surveys":false,"footnotes":"","_links_to":"","_links_to_target":""},"class_list":["post-6070","page","type-page","status-publish","hentry","post"],"acf":[],"yoast_head":"<!-- This site is optimized with the Yoast SEO plugin v27.4 - https:\/\/yoast.com\/product\/yoast-seo-wordpress\/ -->\n<title>MERGED<\/title>\n<meta name=\"description\" content=\"Welcome to the MERGED- Erasmus Mundus Joint MastWelcome to the MERGED- Erasmus Mundus Joint Master in Global Environment and Development!\" \/>\n<meta name=\"robots\" content=\"index, follow, max-snippet:-1, max-image-preview:large, max-video-preview:-1\" \/>\n<link rel=\"canonical\" href=\"https:\/\/ucbs.uw.edu.pl\/merged-erasmus-mundus-joint-master-in-global-environment-and-development\/\" \/>\n<meta property=\"og:locale\" content=\"en_US\" \/>\n<meta property=\"og:type\" content=\"article\" \/>\n<meta property=\"og:title\" content=\"MERGED\" \/>\n<meta property=\"og:description\" content=\"Welcome to the MERGED- Erasmus Mundus Joint MastWelcome to the MERGED- Erasmus Mundus Joint Master in Global Environment and Development!\" \/>\n<meta property=\"og:url\" content=\"https:\/\/ucbs.uw.edu.pl\/merged-erasmus-mundus-joint-master-in-global-environment-and-development\/\" \/>\n<meta property=\"og:site_name\" content=\"University Centre for Environmental Studies and Sustainable Development\" \/>\n<meta property=\"article:publisher\" content=\"https:\/\/www.facebook.com\/ucbsuw\" \/>\n<meta property=\"article:modified_time\" content=\"2025-01-14T12:04:53+00:00\" \/>\n<meta property=\"og:image\" content=\"https:\/\/ucbs.uw.edu.pl\/wp-content\/uploads\/sites\/389\/2023\/06\/MERGEDTRANSPARENT-e1694178421120.png\" \/>\n\t<meta property=\"og:image:width\" content=\"1000\" \/>\n\t<meta property=\"og:image:height\" content=\"386\" \/>\n\t<meta property=\"og:image:type\" content=\"image\/png\" \/>\n<meta name=\"twitter:card\" content=\"summary_large_image\" \/>\n<meta name=\"twitter:site\" content=\"@ucbsuw\" \/>\n<meta name=\"twitter:label1\" content=\"Est. reading time\" \/>\n\t<meta name=\"twitter:data1\" content=\"13 minutes\" \/>\n<script type=\"application\/ld+json\" class=\"yoast-schema-graph\">{\"@context\":\"https:\\\/\\\/schema.org\",\"@graph\":[{\"@type\":\"WebPage\",\"@id\":\"https:\\\/\\\/ucbs.uw.edu.pl\\\/merged-erasmus-mundus-joint-master-in-global-environment-and-development\\\/\",\"url\":\"https:\\\/\\\/ucbs.uw.edu.pl\\\/merged-erasmus-mundus-joint-master-in-global-environment-and-development\\\/\",\"name\":\"MERGED\",\"isPartOf\":{\"@id\":\"https:\\\/\\\/ucbs.uw.edu.pl\\\/#website\"},\"primaryImageOfPage\":{\"@id\":\"https:\\\/\\\/ucbs.uw.edu.pl\\\/merged-erasmus-mundus-joint-master-in-global-environment-and-development\\\/#primaryimage\"},\"image\":{\"@id\":\"https:\\\/\\\/ucbs.uw.edu.pl\\\/merged-erasmus-mundus-joint-master-in-global-environment-and-development\\\/#primaryimage\"},\"thumbnailUrl\":\"https:\\\/\\\/ucbs.uw.edu.pl\\\/wp-content\\\/uploads\\\/sites\\\/389\\\/2023\\\/06\\\/MERGEDTRANSPARENT-e1694178421120-300x116.png\",\"datePublished\":\"2023-10-31T11:54:12+00:00\",\"dateModified\":\"2025-01-14T12:04:53+00:00\",\"description\":\"Welcome to the MERGED- Erasmus Mundus Joint MastWelcome to the MERGED- Erasmus Mundus Joint Master in Global Environment and Development!\",\"breadcrumb\":{\"@id\":\"https:\\\/\\\/ucbs.uw.edu.pl\\\/merged-erasmus-mundus-joint-master-in-global-environment-and-development\\\/#breadcrumb\"},\"inLanguage\":\"en-US\",\"potentialAction\":[{\"@type\":\"ReadAction\",\"target\":[\"https:\\\/\\\/ucbs.uw.edu.pl\\\/merged-erasmus-mundus-joint-master-in-global-environment-and-development\\\/\"]}]},{\"@type\":\"ImageObject\",\"inLanguage\":\"en-US\",\"@id\":\"https:\\\/\\\/ucbs.uw.edu.pl\\\/merged-erasmus-mundus-joint-master-in-global-environment-and-development\\\/#primaryimage\",\"url\":\"https:\\\/\\\/ucbs.uw.edu.pl\\\/wp-content\\\/uploads\\\/sites\\\/389\\\/2023\\\/06\\\/MERGEDTRANSPARENT-e1694178421120-300x116.png\",\"contentUrl\":\"https:\\\/\\\/ucbs.uw.edu.pl\\\/wp-content\\\/uploads\\\/sites\\\/389\\\/2023\\\/06\\\/MERGEDTRANSPARENT-e1694178421120-300x116.png\"},{\"@type\":\"BreadcrumbList\",\"@id\":\"https:\\\/\\\/ucbs.uw.edu.pl\\\/merged-erasmus-mundus-joint-master-in-global-environment-and-development\\\/#breadcrumb\",\"itemListElement\":[{\"@type\":\"ListItem\",\"position\":1,\"name\":\"Strona g\u0142\u00f3wna\",\"item\":\"https:\\\/\\\/ucbs.uw.edu.pl\\\/\"},{\"@type\":\"ListItem\",\"position\":2,\"name\":\"MERGED- Erasmus Mundus Joint Master in Global Environment and Development\"}]},{\"@type\":\"WebSite\",\"@id\":\"https:\\\/\\\/ucbs.uw.edu.pl\\\/#website\",\"url\":\"https:\\\/\\\/ucbs.uw.edu.pl\\\/\",\"name\":\"Uniwersyteckie Centrum Bada\u0144 nad \u015arodowiskiem Przyrodniczym i Zr\u00f3wnowa\u017conym Rozwojem\",\"description\":\"7 Departments mean 7 times more opportunities\",\"publisher\":{\"@id\":\"https:\\\/\\\/ucbs.uw.edu.pl\\\/#organization\"},\"potentialAction\":[{\"@type\":\"SearchAction\",\"target\":{\"@type\":\"EntryPoint\",\"urlTemplate\":\"https:\\\/\\\/ucbs.uw.edu.pl\\\/?s={search_term_string}\"},\"query-input\":{\"@type\":\"PropertyValueSpecification\",\"valueRequired\":true,\"valueName\":\"search_term_string\"}}],\"inLanguage\":\"en-US\"},{\"@type\":\"Organization\",\"@id\":\"https:\\\/\\\/ucbs.uw.edu.pl\\\/#organization\",\"name\":\"Uniwersyteckie Centrum Bada\u0144 nad \u015arodowiskiem Przyrodniczym i Zr\u00f3wnowa\u017conym Rozwojem\",\"url\":\"https:\\\/\\\/ucbs.uw.edu.pl\\\/\",\"logo\":{\"@type\":\"ImageObject\",\"inLanguage\":\"en-US\",\"@id\":\"https:\\\/\\\/ucbs.uw.edu.pl\\\/#\\\/schema\\\/logo\\\/image\\\/\",\"url\":\"https:\\\/\\\/ucbs.uw.edu.pl\\\/wp-content\\\/uploads\\\/sites\\\/389\\\/2023\\\/09\\\/PL_zwykly_monochromatyczny_okragly.jpg\",\"contentUrl\":\"https:\\\/\\\/ucbs.uw.edu.pl\\\/wp-content\\\/uploads\\\/sites\\\/389\\\/2023\\\/09\\\/PL_zwykly_monochromatyczny_okragly.jpg\",\"width\":658,\"height\":710,\"caption\":\"Uniwersyteckie Centrum Bada\u0144 nad \u015arodowiskiem Przyrodniczym i Zr\u00f3wnowa\u017conym Rozwojem\"},\"image\":{\"@id\":\"https:\\\/\\\/ucbs.uw.edu.pl\\\/#\\\/schema\\\/logo\\\/image\\\/\"},\"sameAs\":[\"https:\\\/\\\/www.facebook.com\\\/ucbsuw\",\"https:\\\/\\\/x.com\\\/ucbsuw\",\"https:\\\/\\\/www.linkedin.com\\\/company\\\/19014166\\\/admin\\\/feed\\\/posts\\\/\"]}]}<\/script>\n<!-- \/ Yoast SEO plugin. -->","yoast_head_json":{"title":"MERGED","description":"Welcome to the MERGED- Erasmus Mundus Joint MastWelcome to the MERGED- Erasmus Mundus Joint Master in Global Environment and Development!","robots":{"index":"index","follow":"follow","max-snippet":"max-snippet:-1","max-image-preview":"max-image-preview:large","max-video-preview":"max-video-preview:-1"},"canonical":"https:\/\/ucbs.uw.edu.pl\/merged-erasmus-mundus-joint-master-in-global-environment-and-development\/","og_locale":"en_US","og_type":"article","og_title":"MERGED","og_description":"Welcome to the MERGED- Erasmus Mundus Joint MastWelcome to the MERGED- Erasmus Mundus Joint Master in Global Environment and Development!","og_url":"https:\/\/ucbs.uw.edu.pl\/merged-erasmus-mundus-joint-master-in-global-environment-and-development\/","og_site_name":"University Centre for Environmental Studies and Sustainable Development","article_publisher":"https:\/\/www.facebook.com\/ucbsuw","article_modified_time":"2025-01-14T12:04:53+00:00","og_image":[{"width":1000,"height":386,"url":"https:\/\/ucbs.uw.edu.pl\/wp-content\/uploads\/sites\/389\/2023\/06\/MERGEDTRANSPARENT-e1694178421120.png","type":"image\/png"}],"twitter_card":"summary_large_image","twitter_site":"@ucbsuw","twitter_misc":{"Est. reading time":"13 minutes"},"schema":{"@context":"https:\/\/schema.org","@graph":[{"@type":"WebPage","@id":"https:\/\/ucbs.uw.edu.pl\/merged-erasmus-mundus-joint-master-in-global-environment-and-development\/","url":"https:\/\/ucbs.uw.edu.pl\/merged-erasmus-mundus-joint-master-in-global-environment-and-development\/","name":"MERGED","isPartOf":{"@id":"https:\/\/ucbs.uw.edu.pl\/#website"},"primaryImageOfPage":{"@id":"https:\/\/ucbs.uw.edu.pl\/merged-erasmus-mundus-joint-master-in-global-environment-and-development\/#primaryimage"},"image":{"@id":"https:\/\/ucbs.uw.edu.pl\/merged-erasmus-mundus-joint-master-in-global-environment-and-development\/#primaryimage"},"thumbnailUrl":"https:\/\/ucbs.uw.edu.pl\/wp-content\/uploads\/sites\/389\/2023\/06\/MERGEDTRANSPARENT-e1694178421120-300x116.png","datePublished":"2023-10-31T11:54:12+00:00","dateModified":"2025-01-14T12:04:53+00:00","description":"Welcome to the MERGED- Erasmus Mundus Joint MastWelcome to the MERGED- Erasmus Mundus Joint Master in Global Environment and Development!","breadcrumb":{"@id":"https:\/\/ucbs.uw.edu.pl\/merged-erasmus-mundus-joint-master-in-global-environment-and-development\/#breadcrumb"},"inLanguage":"en-US","potentialAction":[{"@type":"ReadAction","target":["https:\/\/ucbs.uw.edu.pl\/merged-erasmus-mundus-joint-master-in-global-environment-and-development\/"]}]},{"@type":"ImageObject","inLanguage":"en-US","@id":"https:\/\/ucbs.uw.edu.pl\/merged-erasmus-mundus-joint-master-in-global-environment-and-development\/#primaryimage","url":"https:\/\/ucbs.uw.edu.pl\/wp-content\/uploads\/sites\/389\/2023\/06\/MERGEDTRANSPARENT-e1694178421120-300x116.png","contentUrl":"https:\/\/ucbs.uw.edu.pl\/wp-content\/uploads\/sites\/389\/2023\/06\/MERGEDTRANSPARENT-e1694178421120-300x116.png"},{"@type":"BreadcrumbList","@id":"https:\/\/ucbs.uw.edu.pl\/merged-erasmus-mundus-joint-master-in-global-environment-and-development\/#breadcrumb","itemListElement":[{"@type":"ListItem","position":1,"name":"Strona g\u0142\u00f3wna","item":"https:\/\/ucbs.uw.edu.pl\/"},{"@type":"ListItem","position":2,"name":"MERGED- Erasmus Mundus Joint Master in Global Environment and Development"}]},{"@type":"WebSite","@id":"https:\/\/ucbs.uw.edu.pl\/#website","url":"https:\/\/ucbs.uw.edu.pl\/","name":"Uniwersyteckie Centrum Bada\u0144 nad \u015arodowiskiem Przyrodniczym i Zr\u00f3wnowa\u017conym Rozwojem","description":"7 Departments mean 7 times more opportunities","publisher":{"@id":"https:\/\/ucbs.uw.edu.pl\/#organization"},"potentialAction":[{"@type":"SearchAction","target":{"@type":"EntryPoint","urlTemplate":"https:\/\/ucbs.uw.edu.pl\/?s={search_term_string}"},"query-input":{"@type":"PropertyValueSpecification","valueRequired":true,"valueName":"search_term_string"}}],"inLanguage":"en-US"},{"@type":"Organization","@id":"https:\/\/ucbs.uw.edu.pl\/#organization","name":"Uniwersyteckie Centrum Bada\u0144 nad \u015arodowiskiem Przyrodniczym i Zr\u00f3wnowa\u017conym Rozwojem","url":"https:\/\/ucbs.uw.edu.pl\/","logo":{"@type":"ImageObject","inLanguage":"en-US","@id":"https:\/\/ucbs.uw.edu.pl\/#\/schema\/logo\/image\/","url":"https:\/\/ucbs.uw.edu.pl\/wp-content\/uploads\/sites\/389\/2023\/09\/PL_zwykly_monochromatyczny_okragly.jpg","contentUrl":"https:\/\/ucbs.uw.edu.pl\/wp-content\/uploads\/sites\/389\/2023\/09\/PL_zwykly_monochromatyczny_okragly.jpg","width":658,"height":710,"caption":"Uniwersyteckie Centrum Bada\u0144 nad \u015arodowiskiem Przyrodniczym i Zr\u00f3wnowa\u017conym Rozwojem"},"image":{"@id":"https:\/\/ucbs.uw.edu.pl\/#\/schema\/logo\/image\/"},"sameAs":["https:\/\/www.facebook.com\/ucbsuw","https:\/\/x.com\/ucbsuw","https:\/\/www.linkedin.com\/company\/19014166\/admin\/feed\/posts\/"]}]}},"_links":{"self":[{"href":"https:\/\/ucbs.uw.edu.pl\/en\/wp-json\/wp\/v2\/pages\/6070","targetHints":{"allow":["GET"]}}],"collection":[{"href":"https:\/\/ucbs.uw.edu.pl\/en\/wp-json\/wp\/v2\/pages"}],"about":[{"href":"https:\/\/ucbs.uw.edu.pl\/en\/wp-json\/wp\/v2\/types\/page"}],"author":[{"embeddable":true,"href":"https:\/\/ucbs.uw.edu.pl\/en\/wp-json\/wp\/v2\/users\/3"}],"replies":[{"embeddable":true,"href":"https:\/\/ucbs.uw.edu.pl\/en\/wp-json\/wp\/v2\/comments?post=6070"}],"version-history":[{"count":40,"href":"https:\/\/ucbs.uw.edu.pl\/en\/wp-json\/wp\/v2\/pages\/6070\/revisions"}],"predecessor-version":[{"id":7447,"href":"https:\/\/ucbs.uw.edu.pl\/en\/wp-json\/wp\/v2\/pages\/6070\/revisions\/7447"}],"wp:attachment":[{"href":"https:\/\/ucbs.uw.edu.pl\/en\/wp-json\/wp\/v2\/media?parent=6070"}],"curies":[{"name":"wp","href":"https:\/\/api.w.org\/{rel}","templated":true}]}}